{"id":31,"date":"2024-07-01T10:52:59","date_gmt":"2024-07-01T10:52:59","guid":{"rendered":"https:\/\/navisence.ch\/?page_id=31"},"modified":"2026-03-25T12:16:14","modified_gmt":"2026-03-25T12:16:14","slug":"crues","status":"publish","type":"page","link":"https:\/\/navisence.ch\/index.php\/crues\/","title":{"rendered":"Crues"},"content":{"rendered":"\n<h4 class=\"wp-block-heading\"><strong>Crues journali\u00e8res<\/strong><\/h4>\n\n\n\n<p>Dans les bassins-versants de montagne, on observe des variations importantes du d\u00e9bit au fil de la journ\u00e9e lors de la fonte des neiges. Cette variation est tellement brutale qu\u2019on peut parler de crue journali\u00e8re. Comme ces crues d\u00e9pendent de la fonte des neiges et des glaciers, leur d\u00e9bit de pointe est fortement d\u00e9pendant de la temp\u00e9rature et du rayonnement solaire. Lorsqu&rsquo;il fait chaud, il n&rsquo;est pas rare que le d\u00e9bit de la Navisence double au cours de la journ\u00e9e. En l&rsquo;absence de pr\u00e9cipitations, le d\u00e9bit le plus faible a g\u00e9n\u00e9ralement lieu entre <strong>8 et 10<\/strong>\u00a0<strong>h<\/strong> \u00e0 Zinal, alors que le d\u00e9bit de pointe est observ\u00e9 en fin d&rsquo;apr\u00e8s-midi entre <strong>17 et 19<\/strong>\u00a0<strong>h<\/strong>.<\/p>\n\n\n\n<figure class=\"wp-block-image size-large\"><img decoding=\"async\" src=\"https:\/\/navisence.ch\/wp-content\/uploads\/2024\/07\/Capture-decran-2024-07-16-132159_LR-JPG.jpg\" alt=\"\" style=\"object-fit:cover\"\/><figcaption class=\"wp-element-caption\">Hydrogramme mesur\u00e9 par la station communale de Zinal, du 01.07.2022 au 31.08.2022<\/figcaption><\/figure>\n\n\n\n<p>En fonction des d\u00e9bits d&rsquo;eau et de s\u00e9diments, ces crues successives peuvent provoquer des petites modifications du lit (\u00e9rosion de bancs, d\u00e9p\u00f4t de s\u00e9diments fins), mais n&rsquo;ont g\u00e9n\u00e9ralement aucun impact en dehors du lit mineur de la rivi\u00e8re.<\/p>\n\n\n\n<h4 class=\"wp-block-heading\"><strong>Crues saisonni\u00e8res et morphog\u00e8nes<\/strong><\/h4>\n\n\n\n<p>On parle de crue morphog\u00e8ne (litt\u00e9ralement, ce qui cr\u00e9e la forme) lorsque la crue remod\u00e8le la morphologie du lit : apparition de nouveaux bras, \u00e9rosion des rives, modification du tri granulom\u00e9trique. L&rsquo;amplitude de ces changements d\u00e9pend de plusieurs facteurs (d\u00e9bit maximum, dur\u00e9e de la crue, apport de bois flottants, entre autres).<\/p>\n\n\n\n<p>Une crue morphog\u00e8ne peut se produire lorsque les deux facteurs suivants sont r\u00e9unis : une <strong>temp\u00e9rature \u00e9lev\u00e9e<\/strong> et des <strong>fortes pr\u00e9cipitions<\/strong> sur le bassin-versant. La <strong>fonte des neiges<\/strong>, qui a une influence sur l&rsquo;apport en eau, peut aussi jouer un r\u00f4le pr\u00e9pond\u00e9rant dans l&rsquo;occurrence d&rsquo;un tel \u00e9v\u00e9nement. Au niveau des Plats de la L\u00e9, on estime que le d\u00e9bit critique \u00e0 partir duquel se produit une telle crue est sup\u00e9rieur \u00e0 <strong>30&nbsp;m<sup>3<\/sup>\/s<\/strong>, une valeur qui ne peut \u00eatre atteinte sans le concours de pr\u00e9cipitations abondantes.<\/p>\n\n\n\n<figure class=\"wp-block-image size-large\"><img decoding=\"async\" src=\"https:\/\/navisence.ch\/wp-content\/uploads\/2024\/07\/DJI_20240621113446_0029_D_3000px.jpg\" alt=\"\"\/><figcaption class=\"wp-element-caption\">Crue morphog\u00e8ne du 21.06.2024 (amont des Plats de la L\u00e9).<br>Au moment o\u00f9 cette photo a \u00e9t\u00e9 prise, le d\u00e9bit mesur\u00e9 \u00e9tait de 71 m<sup>3<\/sup>\/s.<\/figcaption><\/figure>\n\n\n\n<p>Pour les crues saisonni\u00e8res dont le d\u00e9bit est inf\u00e9rieur, on peut d\u00e9j\u00e0 observer localement des modifications de la morphologie du lit comme <a href=\"https:\/\/navisence.ch\/index.php\/ecoulements\/\">l\u2019apparition d\u2019un nouveau bras et la mort d\u2019un ancien bras<\/a>, en particulier lorsque le d\u00e9bit de la crue atteint les <strong>20 m<sup>3<\/sup>\/s<\/strong>.<\/p>\n\n\n\n<p>Le tableau ci-dessous permet de suivre l&rsquo;activit\u00e9 torrentielle de la Navisence en pr\u00e9sentant le nombre de crues s&rsquo;y \u00e9tant produites chaque ann\u00e9e :<\/p>\n\n\n\n<figure class=\"wp-block-table is-style-stripes\"><table><tbody><tr><td class=\"has-text-align-left\" data-align=\"left\"><strong>Ann\u00e9e<\/strong><\/td><td class=\"has-text-align-right\" data-align=\"right\"><strong>P\u00e9riode<\/strong><\/td><td class=\"has-text-align-right\" data-align=\"right\"><strong>Q<sub>max<\/sub> &gt; 20 m<sup>3<\/sup>\/s<\/strong><\/td><td class=\"has-text-align-right\" data-align=\"right\"><strong>Q<sub>max<\/sub> &gt; 30 m<sup>3<\/sup>\/s<\/strong><\/td><\/tr><tr><td class=\"has-text-align-left\" data-align=\"left\"><a href=\"https:\/\/navisence.ch\/index.php\/2019-2\/\" data-type=\"page\" data-id=\"948\">2019<\/a><\/td><td class=\"has-text-align-right\" data-align=\"right\">26.07 au 01.09<\/td><td class=\"has-text-align-right\" data-align=\"right\">24<\/td><td class=\"has-text-align-right\" data-align=\"right\">4<\/td><\/tr><tr><td class=\"has-text-align-left\" data-align=\"left\"><a href=\"https:\/\/navisence.ch\/index.php\/2020-2\/\" data-type=\"page\" data-id=\"945\">2020<\/a><\/td><td class=\"has-text-align-right\" data-align=\"right\">28.07 au 03.08<\/td><td class=\"has-text-align-right\" data-align=\"right\">7<\/td><td class=\"has-text-align-right\" data-align=\"right\">0<\/td><\/tr><tr><td class=\"has-text-align-left\" data-align=\"left\"><a href=\"https:\/\/navisence.ch\/index.php\/2021-2\/\" data-type=\"page\" data-id=\"942\">2021<\/a><\/td><td class=\"has-text-align-right\" data-align=\"right\">17.06 au 13.07<\/td><td class=\"has-text-align-right\" data-align=\"right\">6<\/td><td class=\"has-text-align-right\" data-align=\"right\">0<\/td><\/tr><tr><td class=\"has-text-align-left\" data-align=\"left\"><a href=\"https:\/\/navisence.ch\/index.php\/2022-2\/\" data-type=\"page\" data-id=\"939\">2022<\/a><\/td><td class=\"has-text-align-right\" data-align=\"right\">27.06 au 05.08<\/td><td class=\"has-text-align-right\" data-align=\"right\">10<\/td><td class=\"has-text-align-right\" data-align=\"right\">1<\/td><\/tr><tr><td class=\"has-text-align-left\" data-align=\"left\"><a href=\"https:\/\/navisence.ch\/index.php\/2023-2\/\" data-type=\"page\" data-id=\"933\">2023<\/a><\/td><td class=\"has-text-align-right\" data-align=\"right\">20.06 au 26.08<\/td><td class=\"has-text-align-right\" data-align=\"right\">13<\/td><td class=\"has-text-align-right\" data-align=\"right\">1<\/td><\/tr><tr><td class=\"has-text-align-left\" data-align=\"left\"><a href=\"https:\/\/navisence.ch\/index.php\/2024-2\/\" data-type=\"link\" data-id=\"https:\/\/navisence.ch\/index.php\/2024-2\/\">2024<\/a><\/td><td class=\"has-text-align-right\" data-align=\"right\">20.06 au 05.09<\/td><td class=\"has-text-align-right\" data-align=\"right\">20<\/td><td class=\"has-text-align-right\" data-align=\"right\">3<\/td><\/tr><tr><td class=\"has-text-align-left\" data-align=\"left\"><a href=\"https:\/\/navisence.ch\/index.php\/2025-2\/\" data-type=\"page\" data-id=\"921\">2025<\/a><\/td><td class=\"has-text-align-right\" data-align=\"right\">01.07 au 21.07<\/td><td class=\"has-text-align-right\" data-align=\"right\">2<\/td><td class=\"has-text-align-right\" data-align=\"right\">1<\/td><\/tr><\/tbody><\/table><figcaption class=\"wp-element-caption\">Nombre de crues dont le d\u00e9bit maximum a d\u00e9pass\u00e9 20 et 30 m<sup>3<\/sup>\/s sur la Navisence (2019 &#8211; 2025), d&rsquo;apr\u00e8s les mesures de la station communale de Zinal. Cliquez sur l&rsquo;ann\u00e9e pour obtenir plus de d\u00e9tails.<\/figcaption><\/figure>\n","protected":false},"excerpt":{"rendered":"<p>Crues journali\u00e8res Dans les bassins-versants de montagne, on observe des variations importantes du d\u00e9bit au fil de la journ\u00e9e lors de la fonte des neiges. Cette variation est tellement brutale qu\u2019on peut parler de crue journali\u00e8re. Comme ces crues d\u00e9pendent de la fonte des neiges et des glaciers, leur d\u00e9bit de pointe est fortement d\u00e9pendant &hellip; <\/p>\n<p class=\"link-more\"><a href=\"https:\/\/navisence.ch\/index.php\/crues\/\" class=\"more-link\">Continuer la lecture<span class=\"screen-reader-text\"> de &laquo;&nbsp;Crues&nbsp;&raquo;<\/span><\/a><\/p>\n","protected":false},"author":1,"featured_media":0,"parent":0,"menu_order":0,"comment_status":"closed","ping_status":"closed","template":"","meta":{"_vp_format_video_url":"","_vp_image_focal_point":[],"footnotes":""},"class_list":["post-31","page","type-page","status-publish","hentry"],"_links":{"self":[{"href":"https:\/\/navisence.ch\/index.php\/wp-json\/wp\/v2\/pages\/31","targetHints":{"allow":["GET"]}}],"collection":[{"href":"https:\/\/navisence.ch\/index.php\/wp-json\/wp\/v2\/pages"}],"about":[{"href":"https:\/\/navisence.ch\/index.php\/wp-json\/wp\/v2\/types\/page"}],"author":[{"embeddable":true,"href":"https:\/\/navisence.ch\/index.php\/wp-json\/wp\/v2\/users\/1"}],"replies":[{"embeddable":true,"href":"https:\/\/navisence.ch\/index.php\/wp-json\/wp\/v2\/comments?post=31"}],"version-history":[{"count":96,"href":"https:\/\/navisence.ch\/index.php\/wp-json\/wp\/v2\/pages\/31\/revisions"}],"predecessor-version":[{"id":1002,"href":"https:\/\/navisence.ch\/index.php\/wp-json\/wp\/v2\/pages\/31\/revisions\/1002"}],"wp:attachment":[{"href":"https:\/\/navisence.ch\/index.php\/wp-json\/wp\/v2\/media?parent=31"}],"curies":[{"name":"wp","href":"https:\/\/api.w.org\/{rel}","templated":true}]}}