{"id":22,"date":"2024-07-01T10:50:46","date_gmt":"2024-07-01T10:50:46","guid":{"rendered":"https:\/\/navisence.ch\/?page_id=22"},"modified":"2026-03-17T17:16:27","modified_gmt":"2026-03-17T17:16:27","slug":"bilans-sedimentaires","status":"publish","type":"page","link":"https:\/\/navisence.ch\/index.php\/bilans-sedimentaires\/","title":{"rendered":"Bilans s\u00e9dimentaires"},"content":{"rendered":"\n<p>Gr\u00e2ce \u00e0 la photogramm\u00e9trie, la capture de photos par drone permet de g\u00e9n\u00e9rer des orthophotos ainsi que des mod\u00e8les num\u00e9riques de surface (DSM) repr\u00e9sentant le lit de la rivi\u00e8re en trois dimensions. La soustraction d&rsquo;un DSM \u00e0 un autre permet ensuite d&rsquo;obtenir un DoD (DSM of Difference) qui permet d&rsquo;identifier les changements g\u00e9omorphologiques du lit, ainsi que de conna\u00eetre le bilan s\u00e9dimentaire du tron\u00e7on entre deux dates. Les s\u00e9diments ont-ils plut\u00f4t tendance \u00e0 s&rsquo;y accumuler ou \u00e0 s&rsquo;en extraire ?<\/p>\n\n\n\n\t\t\t\n\t<style type=\"text\/css\">\n\t\t.slider-info-315.bafg-slider-info .bafg-slider-title {\n\t\t\t\t\t\t\tfont-size:\n\t\t\t\t\t22px\t\t\t\t;\n\t\t\t\n\t\t\t\n\t\t\t\t\t}\n\n\t\t.slider-info-315.bafg-slider-info .bafg-slider-description {\n\t\t\t\n\t\t\t\n\t\t\t\t\t}\n\t\t\n\t\t\n\t\t.slider-info-315.bafg-slider-info .bafg_slider_readmore_button {\n\t\t\t\n\t\t\t\n\t\t\t\n\t\t\t\n\t\t\t\n\t\t\ttext-align: center;\n\n\t\t\t\n\t\t\t\n\t\t\t\n\t\t\t\n\t\t\t\t\t}\n\n\t\t.slider-info-315.bafg-slider-info .bafg_slider_readmore_button:hover {\n\n\t\t\t\n\t\t\t\n\t\t\t\t\t}\n\t<\/style>\n\t\n\t\t\t<div class=\"bafg-twentytwenty-container slider-315  \"\n\t\t\t\tbafg-orientation=\"vertical\" bafg-default-offset=\"0.5\"\n\t\t\t\tbafg-before-label=\"02.11.2018\"\n\t\t\t\tbafg-after-label=\"06.11.2019\" bafg-overlay=\"1\"\n\t\t\t\tbafg-move-slider-on-hover=\"\"\n\t\t\t\tbafg-click-to-move=\"1\">\n\n\t\t\t\t\t\t\t\t<img class=\"skip-lazy\" data-skip-lazy\t\t\t\t\tsrc=\"https:\/\/navisence.ch\/wp-content\/uploads\/2024\/07\/2019-2018-DoD-before_LR-JPG.jpg\" alt=\"\">\n\t\t\t\t<img class=\"skip-lazy\" data-skip-lazy\t\t\t\t\tsrc=\"https:\/\/navisence.ch\/wp-content\/uploads\/2024\/07\/2019-2018-DoD-after_LR-JPG.jpg\" alt=\"\">\n\n\t\t\t<\/div>\n\n\t\t\t\t<div class=\"bafg-slider-info-wraper\">\n\t\t<div style=\"\" class=\"slider-info-315 bafg-slider-info\">\n\t\t\t\t\t<\/div>\n\t<\/div>\n\t\n\t\t\t<style type=\"text\/css\">\n\t\t\t\t\t\t\t\t\t\t\t<\/style>\n\t\t\t\n\n\n\n<p><font size=\"2\"><em>Exemple de comparaison entre le 02.11.2018 et le 06.11.2019. Les zones d&rsquo;\u00e9rosion (rouge) et de d\u00e9position (bleu) mettent en \u00e9vidence les principaux changements g\u00e9omorphologiques du lit. Certaines zones de d\u00e9p\u00f4t correspondent \u00e0 l&rsquo;ancien passage de l&rsquo;\u00e9coulement.<\/em><\/font><\/p>\n\n\n\n<h4 class=\"wp-block-heading\">Bilans apr\u00e8s les crues de 2018 et 2024<\/h4>\n\n\n\n<p>Le long des Plats de la L\u00e9, des quantit\u00e9s importantes de mat\u00e9riaux se sont d\u00e9pos\u00e9es au cours des trois crues morphog\u00e8nes qui se sont produites depuis le d\u00e9but des mesures (02.07.2018, 21.06.2024 et 29.06.2024). M\u00eame apr\u00e8s avoir soustrait les volumes d&rsquo;\u00e9rosion, les bilans s\u00e9dimentaires se sont av\u00e9r\u00e9s largement positif, ce qui souligne le r\u00f4le important de la plaine alluviale dans la r\u00e9tention des s\u00e9diments provenant de l\u2019amont.<\/p>\n\n\n\n<figure class=\"wp-block-table is-style-stripes\"><table><tbody><tr><td class=\"has-text-align-left\" data-align=\"left\"><strong>Crues<\/strong><\/td><td class=\"has-text-align-right\" data-align=\"right\"><strong>D\u00e9p\u00f4t (m<sup>3<\/sup>)<\/strong><\/td><td class=\"has-text-align-right\" data-align=\"right\"><strong>Erosion (m<sup>3<\/sup>)<\/strong><\/td><td class=\"has-text-align-right\" data-align=\"right\"><strong>Bilan (m<sup>3<\/sup>)<\/strong><\/td><td class=\"has-text-align-right\" data-align=\"right\"><strong>Equiv. bennes 10 m<sup>3<\/sup><\/strong><\/td><\/tr><tr><td class=\"has-text-align-left\" data-align=\"left\">2018<\/td><td class=\"has-text-align-right\" data-align=\"right\">+39 972<\/td><td class=\"has-text-align-right\" data-align=\"right\">-24 037<\/td><td class=\"has-text-align-right\" data-align=\"right\">+15 935<\/td><td class=\"has-text-align-right\" data-align=\"right\">+1 594<\/td><\/tr><tr><td class=\"has-text-align-left\" data-align=\"left\">2024<\/td><td class=\"has-text-align-right\" data-align=\"right\">+61 021<\/td><td class=\"has-text-align-right\" data-align=\"right\">-41 572<\/td><td class=\"has-text-align-right\" data-align=\"right\">+19 449<\/td><td class=\"has-text-align-right\" data-align=\"right\">+1 945<\/td><\/tr><\/tbody><\/table><figcaption class=\"wp-element-caption\">Bilans s\u00e9dimentaires apr\u00e8s les crues de la Navisence aux Plats de la L\u00e9. Les DoD sont calcul\u00e9s \u00e0 partir des DSM r\u00e9alis\u00e9s avant\/apr\u00e8s chaque \u00e9v\u00e9nement. Informations compl\u00e9mentaires au bas de la page.<\/figcaption><\/figure>\n\n\n\n<p><\/p>\n\n\n\n<h4 class=\"wp-block-heading\">Bilans inter-saisonniers apr\u00e8s la crue de 2018<\/h4>\n\n\n\n<p>Pour les ann\u00e9es 2019 \u00e0 2023, on constate au contraire une diminution du volume du lit au terme de chaque saison. Dans un premier temps (2019 et 2020), les crues saisonni\u00e8res ont permis d&rsquo;\u00e9vacuer une partie des s\u00e9diments accumul\u00e9s au cours de la crue morphog\u00e8ne du 2 juillet 2018, avant de tendre vers une situation plus proche de l&rsquo;\u00e9quilibre entre les apports et les pertes de mat\u00e9riaux.<\/p>\n\n\n\n<div class=\"wp-block-columns is-layout-flex wp-container-core-columns-is-layout-9d6595d7 wp-block-columns-is-layout-flex\">\n<div class=\"wp-block-column is-layout-flow wp-block-column-is-layout-flow\" style=\"flex-basis:100%\">\n<figure class=\"wp-block-table is-style-stripes\"><table><tbody><tr><td class=\"has-text-align-left\" data-align=\"left\"><strong>Comparaison<\/strong><\/td><td class=\"has-text-align-right\" data-align=\"right\"><strong>D\u00e9p\u00f4t (m<sup>3<\/sup>)<\/strong><\/td><td class=\"has-text-align-right\" data-align=\"right\"><strong>Erosion (m<sup>3<\/sup>)<\/strong><\/td><td class=\"has-text-align-right\" data-align=\"right\"><strong>Bilan (m<sup>3<\/sup>)<\/strong><\/td><td class=\"has-text-align-right\" data-align=\"right\"><strong>Equiv. bennes 10 m<sup>3<\/sup><\/strong><\/td><\/tr><tr><td class=\"has-text-align-left\" data-align=\"left\">2019 &#8211; 2018<\/td><td class=\"has-text-align-right\" data-align=\"right\">+8 731<\/td><td class=\"has-text-align-right\" data-align=\"right\">-15 676<\/td><td class=\"has-text-align-right\" data-align=\"right\">-6 945<\/td><td class=\"has-text-align-right\" data-align=\"right\">-695<\/td><\/tr><tr><td class=\"has-text-align-left\" data-align=\"left\">2020 &#8211; 2019<\/td><td class=\"has-text-align-right\" data-align=\"right\">+2 203<\/td><td class=\"has-text-align-right\" data-align=\"right\">-5 579<\/td><td class=\"has-text-align-right\" data-align=\"right\">-3 376<\/td><td class=\"has-text-align-right\" data-align=\"right\">-338<\/td><\/tr><tr><td class=\"has-text-align-left\" data-align=\"left\">2021 &#8211; 2020<\/td><td class=\"has-text-align-right\" data-align=\"right\">+592<\/td><td class=\"has-text-align-right\" data-align=\"right\">-914<\/td><td class=\"has-text-align-right\" data-align=\"right\">-322<\/td><td class=\"has-text-align-right\" data-align=\"right\">-32<\/td><\/tr><tr><td class=\"has-text-align-left\" data-align=\"left\">2022 &#8211; 2021<\/td><td class=\"has-text-align-right\" data-align=\"right\">+1 293<\/td><td class=\"has-text-align-right\" data-align=\"right\">-1 837<\/td><td class=\"has-text-align-right\" data-align=\"right\">-544<\/td><td class=\"has-text-align-right\" data-align=\"right\">-54<\/td><\/tr><tr><td class=\"has-text-align-left\" data-align=\"left\">2023 &#8211; 2022<\/td><td class=\"has-text-align-right\" data-align=\"right\">+2 832<\/td><td class=\"has-text-align-right\" data-align=\"right\">-3 542<\/td><td class=\"has-text-align-right\" data-align=\"right\">-710<\/td><td class=\"has-text-align-right\" data-align=\"right\">-71<\/td><\/tr><\/tbody><\/table><figcaption class=\"wp-element-caption\">Bilans s\u00e9dimentaires inter-saisonniers de la Navisence aux Plats de la L\u00e9. Les DoD sont calcul\u00e9s \u00e0 partir des DSM r\u00e9alis\u00e9s \u00e0 l&rsquo;\u00e9tiage, lorsque la hauteur d&rsquo;eau est proche de son minimum. Informations compl\u00e9mentaires au bas de la page.<\/figcaption><\/figure>\n<\/div>\n<\/div>\n\n\n\n<h4 class=\"wp-block-heading\">Changements g\u00e9omorphologiques apparus lors des crues de 2024<\/h4>\n\n\n\n<p>Superpos\u00e9 \u00e0 l&rsquo;orthophoto du 5 juillet 2024, le DoD (DSM of Difference) ci-dessous montre que les zones de d\u00e9p\u00f4ts, en bleu, se concentrent majoritairement sur la partie centrale du lit alors que les zones d&rsquo;\u00e9rosion, en rouge, concernent plut\u00f4t les extensions lat\u00e9rales du lit par \u00e9rosion de berge.<\/p>\n\n\n\n\t\t\t\n\t<style type=\"text\/css\">\n\t\t.slider-info-793.bafg-slider-info .bafg-slider-title {\n\t\t\t\t\t\t\tfont-size:\n\t\t\t\t\t22px\t\t\t\t;\n\t\t\t\n\t\t\t\n\t\t\t\t\t}\n\n\t\t.slider-info-793.bafg-slider-info .bafg-slider-description {\n\t\t\t\n\t\t\t\n\t\t\t\t\t}\n\t\t\n\t\t\n\t\t.slider-info-793.bafg-slider-info .bafg_slider_readmore_button {\n\t\t\t\n\t\t\t\n\t\t\t\n\t\t\t\n\t\t\t\n\t\t\ttext-align: center;\n\n\t\t\t\n\t\t\t\n\t\t\t\n\t\t\t\n\t\t\t\t\t}\n\n\t\t.slider-info-793.bafg-slider-info .bafg_slider_readmore_button:hover {\n\n\t\t\t\n\t\t\t\n\t\t\t\t\t}\n\t<\/style>\n\t\n\t\t\t<div class=\"bafg-twentytwenty-container slider-793  \"\n\t\t\t\tbafg-orientation=\"vertical\" bafg-default-offset=\"0.5\"\n\t\t\t\tbafg-before-label=\"05.07.2024\"\n\t\t\t\tbafg-after-label=\"Erosion \/ d\u00e9position\" bafg-overlay=\"\"\n\t\t\t\tbafg-move-slider-on-hover=\"\"\n\t\t\t\tbafg-click-to-move=\"1\">\n\n\t\t\t\t\t\t\t\t<img class=\"skip-lazy\" data-skip-lazy\t\t\t\t\tsrc=\"https:\/\/navisence.ch\/wp-content\/uploads\/2024\/11\/2023_05_07_ortho.jpg\" alt=\"\">\n\t\t\t\t<img class=\"skip-lazy\" data-skip-lazy\t\t\t\t\tsrc=\"https:\/\/navisence.ch\/wp-content\/uploads\/2024\/11\/2023_05_07_DoD.jpg\" alt=\"\">\n\n\t\t\t<\/div>\n\n\t\t\t\t<div class=\"bafg-slider-info-wraper\">\n\t\t<div style=\"\" class=\"slider-info-793 bafg-slider-info\">\n\t\t\t\t\t<\/div>\n\t<\/div>\n\t\n\t\t\t<style type=\"text\/css\">\n\t\t\t\t\t\t\t\t\t\t\t<\/style>\n\t\t\t\n\n\n\n<p><em><font size=\"2\">Vue a\u00e9rienne des Plats de la L\u00e9 le 05.07.2024. Cliquez sur l&rsquo;image et d\u00e9placez le curseur pour voir appara\u00eetre les zones d&rsquo;\u00e9rosion (rouge) et de d\u00e9position (bleu) apparues depuis le 11.06.2024, date du relev\u00e9 pr\u00e9c\u00e9dant les crues exceptionnelles survenues les 21 et 29 juin.<\/font><\/em><\/p>\n\n\n\n<p>Des photos plus d\u00e9taill\u00e9es de l&rsquo;\u00e9tat du lit avant\/apr\u00e8s ces deux crues majeures sont pr\u00e9sent\u00e9es sur la <a href=\"https:\/\/navisence.ch\/index.php\/crues\/\">page d\u00e9di\u00e9e aux crues<\/a>.<\/p>\n\n\n\n<h4 class=\"wp-block-heading\">D\u00e9tails concernant les chiffres de volumes fournis ci-dessus :<\/h4>\n\n\n\n<ul class=\"wp-block-list\">\n<li>Longueur du tron\u00e7on : 1700&nbsp;m <\/li>\n\n\n\n<li>Donn\u00e9es sources : DSM g\u00e9or\u00e9f\u00e9renc\u00e9s avec maille de 10&nbsp;cm (pr\u00e9cision sub-d\u00e9cim\u00e9trique)<\/li>\n\n\n\n<li>M\u00e9thode : soustraction de DSM avec seuil de d\u00e9tection de 20&nbsp;cm<\/li>\n\n\n\n<li>Masques utilis\u00e9s : lit majeur au terme de la p\u00e9riode, sans les zones o\u00f9 un remodelage anthropique des rives est observ\u00e9.<\/li>\n<\/ul>\n\n\n\n<p>Les chiffres obtenus varient en fonction de la qualit\u00e9 des donn\u00e9es ainsi que de la m\u00e9thode de d\u00e9tection employ\u00e9e. La pr\u00e9cision des DSM a \u00e9t\u00e9 v\u00e9rifi\u00e9e au moyen de points de contr\u00f4le et plusieurs m\u00e9thodes de d\u00e9tection ont \u00e9t\u00e9 compar\u00e9es afin de valider les r\u00e9sultats.<\/p>\n\n\n\n<p>Lors des crues morphog\u00e8nes, <strong>le volume d&rsquo;\u00e9rosion a tendance a \u00eatre surestim\u00e9<\/strong> par la v\u00e9g\u00e9tation haute pr\u00e9sente sur les berges \u00e9rod\u00e9es. Au contraire, <strong>le volume de d\u00e9position a tendance \u00e0 \u00eatre sous-estim\u00e9<\/strong>, le volume des s\u00e9diments qui forment les nouvelles extensions lat\u00e9rales du lit ne pouvant pas \u00eatre mesur\u00e9.<\/p>\n","protected":false},"excerpt":{"rendered":"<p>Gr\u00e2ce \u00e0 la photogramm\u00e9trie, la capture de photos par drone permet de g\u00e9n\u00e9rer des orthophotos ainsi que des mod\u00e8les num\u00e9riques de surface (DSM) repr\u00e9sentant le lit de la rivi\u00e8re en trois dimensions. La soustraction d&rsquo;un DSM \u00e0 un autre permet ensuite d&rsquo;obtenir un DoD (DSM of Difference) qui permet d&rsquo;identifier les changements g\u00e9omorphologiques du lit, &hellip; <\/p>\n<p class=\"link-more\"><a href=\"https:\/\/navisence.ch\/index.php\/bilans-sedimentaires\/\" class=\"more-link\">Continuer la lecture<span class=\"screen-reader-text\"> de &laquo;&nbsp;Bilans s\u00e9dimentaires&nbsp;&raquo;<\/span><\/a><\/p>\n","protected":false},"author":1,"featured_media":0,"parent":0,"menu_order":0,"comment_status":"closed","ping_status":"closed","template":"","meta":{"_vp_format_video_url":"","_vp_image_focal_point":[],"footnotes":""},"class_list":["post-22","page","type-page","status-publish","hentry"],"_links":{"self":[{"href":"https:\/\/navisence.ch\/index.php\/wp-json\/wp\/v2\/pages\/22","targetHints":{"allow":["GET"]}}],"collection":[{"href":"https:\/\/navisence.ch\/index.php\/wp-json\/wp\/v2\/pages"}],"about":[{"href":"https:\/\/navisence.ch\/index.php\/wp-json\/wp\/v2\/types\/page"}],"author":[{"embeddable":true,"href":"https:\/\/navisence.ch\/index.php\/wp-json\/wp\/v2\/users\/1"}],"replies":[{"embeddable":true,"href":"https:\/\/navisence.ch\/index.php\/wp-json\/wp\/v2\/comments?post=22"}],"version-history":[{"count":81,"href":"https:\/\/navisence.ch\/index.php\/wp-json\/wp\/v2\/pages\/22\/revisions"}],"predecessor-version":[{"id":968,"href":"https:\/\/navisence.ch\/index.php\/wp-json\/wp\/v2\/pages\/22\/revisions\/968"}],"wp:attachment":[{"href":"https:\/\/navisence.ch\/index.php\/wp-json\/wp\/v2\/media?parent=22"}],"curies":[{"name":"wp","href":"https:\/\/api.w.org\/{rel}","templated":true}]}}